{"id":1358,"date":"2016-10-19T12:50:30","date_gmt":"2016-10-19T10:50:30","guid":{"rendered":"http:\/\/oskoper.splet.arnes.si\/?page_id=1358"},"modified":"2021-07-15T09:37:55","modified_gmt":"2021-07-15T07:37:55","slug":"zavod","status":"publish","type":"page","link":"https:\/\/oskoper.splet.arnes.si\/?page_id=1358","title":{"rendered":"O Osnovni \u0161oli Koper"},"content":{"rendered":"<p>[et_pb_section fb_built=&#8221;1&#8243; fullwidth=&#8221;on&#8221; admin_label=&#8221;Section&#8221; _builder_version=&#8221;3.22&#8243; background_color=&#8221;rgba(255,255,255,0)&#8221; transparent_background=&#8221;on&#8221;][et_pb_fullwidth_menu menu_id=&#8221;44&#8243; submenu_direction=&#8221;downwards&#8221; fullwidth_menu=&#8221;off&#8221; active_link_color=&#8221;#dd3333&#8243; admin_label=&#8221;Fullwidth Menu&#8221; _builder_version=&#8221;3.0.47&#8243; menu_font=&#8221;|on|||&#8221; menu_text_color=&#8221;#31661f&#8221; background_color=&#8221;rgba(255,255,255,0)&#8221; text_orientation=&#8221;justified&#8221; saved_tabs=&#8221;all&#8221;][\/et_pb_fullwidth_menu][\/et_pb_section][et_pb_section fb_built=&#8221;1&#8243; admin_label=&#8221;section&#8221; _builder_version=&#8221;3.22&#8243;][et_pb_row admin_label=&#8221;row&#8221; _builder_version=&#8221;3.25&#8243; background_size=&#8221;initial&#8221; background_position=&#8221;top_left&#8221; background_repeat=&#8221;repeat&#8221;][et_pb_column type=&#8221;4_4&#8243; _builder_version=&#8221;3.25&#8243; custom_padding=&#8221;|||&#8221; custom_padding__hover=&#8221;|||&#8221;][et_pb_text admin_label=&#8221;Text&#8221; _builder_version=&#8221;4.7.3&#8243; background_size=&#8221;initial&#8221; background_position=&#8221;top_left&#8221; background_repeat=&#8221;repeat&#8221; hover_enabled=&#8221;0&#8243; use_border_color=&#8221;off&#8221; border_color=&#8221;#ffffff&#8221; border_style=&#8221;solid&#8221; sticky_enabled=&#8221;0&#8243;]<\/p>\n<h3>POSLANSTVO IN VIZIJA \u0160OLE<\/h3>\n<p style=\"text-align: justify\">\u017delimo, da bi bila sodobna \u0161ola, aktualna in vsebinsko bogata. Med \u0161olskim letom bomo izvedli vrsto nalog, ki jih bomo v programu dela le nakazali, kasneje pa jim bomo dolo\u010dili vsebino in pomen.<\/p>\n<p><strong>Pri delu v \u0161olskem letu\u00a0 bomo upo\u0161tevali naslednje usmeritve:<\/strong><\/p>\n<ul>\n<li style=\"text-align: justify\">Najve\u010djo pozornost bomo posvetili kvalitetnemu pouku.<\/li>\n<li style=\"text-align: justify\">Krepili bomo avtonomnost in strokovnost u\u010ditelja s permanentnim strokovnim izobra\u017eevanjem vseh strokovnih delavcev, \u0161e posebej na podro\u010dju novih znanj, potrebnih za 9-letno O\u0160.<\/li>\n<li style=\"text-align: justify\">Poleg kvalitetnega znanja bomo u\u010dencem posku\u0161ali dati tudi dobro vzgojo. Tako bomo posebno skrb posvetili vsebinam razrednih ur, ki jih bodo izvajali razredniki in \u0161olski svetovalni delavci.<\/li>\n<li style=\"text-align: justify\">Pri pou\u010devanju bodo u\u010ditelji uporabljali aktivne oblike dela in tako u\u010dencem poleg mno\u017eice dejstev omogo\u010dili tudi uporabnost znanja, s poudarkom na vse\u017eivljenjskem u\u010denju.<\/li>\n<li style=\"text-align: justify\">Skrb za slovenski jezik bo prednostna naloga vseh.<\/li>\n<li style=\"text-align: justify\">U\u010ditelj bo imel pri na\u010drtovanju dela strokovno avtonomijo. K svobodnemu izboru vsebin in metod dela pa sodi tudi ve\u010dja odgovornost za dose\u017eene u\u010dne cilje.<\/li>\n<li style=\"text-align: justify\">Star\u0161em bomo zagotovili sodobne in odprte mo\u017enosti komunikacije in sodelovanja pri zastavljanju skupnih interesov v na\u010drtovanju dela zavoda.<\/li>\n<\/ul>\n<hr \/>\n<p><strong>Vizija Osnovne \u0161ole Koper je:<\/strong><\/p>\n<h4 style=\"text-align: justify\">Doseganje odli\u010dnosti, odprtosti, inovativnosti, ustvarjalnosti in podjetnosti v sodobnem osnovno\u0161olskem vzgojno-izobra\u017eevalnem zavodu.<\/h4>\n<hr \/>\n<p><strong>\u017delimo biti\u00a0 \u0161ola:<\/strong><\/p>\n<ul>\n<li style=\"text-align: justify\">ki bo dajala u\u010dencem taka znanja in spodbujala razvoj kompetenc, da bodo dosegli primerljive rezultate z vrstniki v na\u0161i dr\u017eavi in v dr\u017eavah Evropske unije,<\/li>\n<li style=\"text-align: justify\">ki bo omogo\u010dala u\u010dencem, da bodo razvijali svoja interesna podro\u010dja in bodo na vseh predmetnih podro\u010djih dosegali rezultate v skladu s svojimi sposobnostmi,<\/li>\n<li style=\"text-align: justify\">ki bo tako usposabljala u\u010dence, da bodo znali koristno uporabiti vsa znanja in se znali uspe\u0161no prilagajati vse bolj zahtevnim nalogam \u017eivljenja v Evropski uniji,<\/li>\n<li style=\"text-align: justify\">ki bo zaradi aktivnih oblik in metod dela, urejenosti in tehnolo\u0161ke opremljenosti\u00a0 u\u010dencem bolj zanimiva in bodo v njo radi prihajali,<\/li>\n<li style=\"text-align: justify\">ki bo strokovno, razvojno naravnana, komunikativna in odprta okolju.<\/li>\n<\/ul>\n<p><strong>Cilje, ki so zajeti v viziji, je potrebno spremljati in jim slediti skozi tri podro\u010dja:<\/strong><\/p>\n<ul>\n<li style=\"text-align: justify\">nacionalno \u0161olsko politiko,<\/li>\n<li style=\"text-align: justify\">ob\u010dinsko, krajevno in interno \u0161olsko politiko,<\/li>\n<li style=\"text-align: justify\">cilje in vizijo vodstva \u0161ole v zagotavljanju \u0161olskega mened\u017ementa.<\/li>\n<\/ul>\n<p><strong>Nacionalno \u0161olsko politiko opredeljujejo naslednji cilji:<\/strong><\/p>\n<ul>\n<li style=\"text-align: justify\">zagotavljati pedago\u0161ko in organizacijsko najkvalitetnej\u0161i in sodoben vzgojno-izobra\u017eevalni proces za slehernega u\u010denca,<\/li>\n<li style=\"text-align: justify\">vzpodbujati in motivirati u\u010ditelje in u\u010dence za sodelovanje v republi\u0161kih in mednarodnih projektih na podro\u010dju \u0161olstva,<\/li>\n<li style=\"text-align: justify\">zagotoviti dolo\u010dila novele ZO\u0160, ZOFVI in ostalih predpisov, ki urejajo delovanje zavoda,<\/li>\n<li style=\"text-align: justify\">na\u010drtovati kvalitetno stalno strokovno spopolnjevanje u\u010diteljev in strokovnih delavcev \u0161ole v smislu novosti na podro\u010dju devetletne osnovne \u0161ole ter razvoja novih u\u010dnih strategij in tehnologij,<\/li>\n<li style=\"text-align: justify\">razvijati pozitivno delovno pedago\u0161ko klimo,<\/li>\n<li style=\"text-align: justify\">zagotavljati ustrezen socialni status zaposlenih v zavodu.<\/li>\n<\/ul>\n<p><span style=\"color: #701b06\">ngg_shortcode_0_placeholder<\/span><\/p>\n<div id=\"ngg-gallery-3-63\" class=\"ngg-galleryoverview\">\n<p><!-- Thumbnails --><\/p>\n<div id=\"ngg-image-27\" class=\"ngg-gallery-thumbnail-box\"><\/div>\n<div id=\"ngg-image-28\" class=\"ngg-gallery-thumbnail-box\"><\/div>\n<div id=\"ngg-image-29\" class=\"ngg-gallery-thumbnail-box\"><\/div>\n<div id=\"ngg-image-30\" class=\"ngg-gallery-thumbnail-box\"><\/div>\n<div id=\"ngg-image-31\" class=\"ngg-gallery-thumbnail-box\"><\/div>\n<div id=\"ngg-image-33\" class=\"ngg-gallery-thumbnail-box\"><\/div>\n<div id=\"ngg-image-36\" class=\"ngg-gallery-thumbnail-box\"><\/div>\n<div id=\"ngg-image-40\" class=\"ngg-gallery-thumbnail-box\"><\/div>\n<div id=\"ngg-image-41\" class=\"ngg-gallery-thumbnail-box\"><\/div>\n<div id=\"ngg-image-42\" class=\"ngg-gallery-thumbnail-box\"><\/div>\n<div id=\"ngg-image-43\" class=\"ngg-gallery-thumbnail-box\"><\/div>\n<div id=\"ngg-image-45\" class=\"ngg-gallery-thumbnail-box\"><\/div>\n<div id=\"ngg-image-49\" class=\"ngg-gallery-thumbnail-box\">\n<div class=\"ngg-gallery-thumbnail\"><a class=\"shutterset_set_3\" title=\"\u0161portna dvorana\" href=\"http:\/\/oskoper.splet.arnes.si\/wp-content\/blogs.dir\/8782\/files\/os-koper\/sportna.jpg\">\u00a0<\/a><\/div>\n<\/div>\n<\/div>\n<p>[\/et_pb_text][\/et_pb_column][\/et_pb_row][\/et_pb_section]<\/p>\n<h3>Related Images:<\/h3>","protected":false},"excerpt":{"rendered":"<p>POSLANSTVO IN VIZIJA \u0160OLE \u017delimo, da bi bila sodobna \u0161ola, aktualna in vsebinsko bogata. Med \u0161olskim letom bomo izvedli vrsto nalog, ki jih bomo v programu dela le nakazali, kasneje pa jim bomo dolo\u010dili vsebino in pomen. Pri delu v \u0161olskem letu\u00a0 bomo upo\u0161tevali naslednje usmeritve: Najve\u010djo pozornost bomo posvetili kvalitetnemu pouku. Krepili bomo avtonomnost [&hellip;]<\/p>\n","protected":false},"author":9402,"featured_media":0,"parent":0,"menu_order":8,"comment_status":"closed","ping_status":"open","template":"","meta":{"_et_pb_use_builder":"on","_et_pb_old_content":"<p>Osnovna \u0161ola Koper je za\u00adsnovana po najsodobnej\u00ad\u0161ih standardih, otrokom nudi optimalne po\u00adgoje za u\u010denje in pridobi\u00advanje novih znanj. Pravijo, da je osnovna \u0161ola otrokova prva stopnica na poti k zrelosti. Da bi bila ta pot, ki se mal\u010dkom obi\u010dajno za vse \u017eivljenje vtisne v spomin, za koprske otroke \u010dim bolj prijaz\u00adna, so si v Mestni ob\u010dini Koper z \u017eupanom Borisom Popovi\u010dem na \u010delu vztrajno prizadevali zgraditi novo mestno osnovno \u0161olo na Bonifiki.<br \/> Sodoben objekt, ki se raz\u00adprostira na 28 tiso\u010d kvadratnih metrov velikem zemlji\u0161\u010du, ima kar 37 oddelkov s 7.800 kva\u00addratnimi metri uporabnih po\u00advr\u0161in, \u0161portna dvorana pa ob\u00adsega 3.660 kvadratnih metrov povr\u0161ine.<br \/> Osnovno izhodi\u0161\u010de objekta, ki so ga zgradili v skladu z arhi\u00adtekturnim na\u010drtom projektanta Omnia arhing, d. o. o. iz Ljub\u00adljane, je ustvariti otrokom, u\u010di\u00adteljem in drugim uporabnikom prijazen \u0161olski prostor, ki bo poleg nemotenega in kakovost\u00adnega \u0161olskega procesa nudil tu\u00addi dovolj prostora za dru\u017eenje, igro in za raziskovanje. Nova \u0161ola s svojo pojavnostjo predstavlja pomemben mestotvorni \u010dlen. Pri snovanju ga\u00adbaritov \u0161ole so upo\u0161tevali za\u00adhteve spomeni\u0161ko varstvenih slu\u017eb, projektanti so zasnovali oblikovno razgibano in \u010dlenje\u00adno arhitekturo, ki se neobremenjujo\u010de vklju\u010duje v obstoje\u00ad\u010de mestno tkivo in s tem ohranja vedute in neoskrunjen silhuetni obris mesta. Osr\u010dje \u0161olske stavbe pred\u00adstavlja \u0161olska avla z glavnim vhodom, galerijo in stopni\u0161\u00ad\u010dem. Avla je povezana s pro\u00adstranim, tlakovanim \u0161olskim dvori\u0161\u010dem oziroma \u0161olskim tr\u00adgom, ki je deloma pokrit. V njenem podalj\u0161ku se nahaja ve\u010dnamenska \u0161olska jedilnica za 112 u\u010dencev in \u0161olska ku\u00adhinja z razdeljevalnico hrane. V vzhodnem \u0161olskem krilu so prostori za pouk u\u010dencev prve triade, ki z lo\u010denim vhodom, lastnimi garderobami in sanita\u00adrijami tvorijo zaklju\u010deno funk- cionalno celoto. Vsaka u\u010dilnica ima dostop do deloma pokritih in tlakovanih zunanjih prostorov oziroma atrijev.<\/p><p><strong>Sodobna koncertna dvorana<\/strong><\/p><p>Na zahodnem delu \u0161olskega objekta, v neposredni bli\u017eini ve\u010dnamenske dvorane Bonifika, stoji ve\u010dnamenska dvo\u00adrana, ki bo namenjena pouku \u0161portne vzgoje, pa dru\u00adgim \u0161portnim in glasbenim de\u00adjavnostim, kot so \u0161portno tek\u00admovalne, plesne, glasbene in koncertne prireditve. Dvora\u00adna je zasnovana fleksbilno, saj ima tri ve\u010dje vadbene enote in dva manj\u0161a vadbena prostora, dvostranske izvle\u010dne tribune in odli\u010dno akustiko. Dimen\u00adzije dvorane tlorisno ustreza\u00adjo dimenzijam rokometnega igri\u0161\u010da, vi\u0161insko pa vi\u0161ini od\u00adbojkarskega igri\u0161\u010da. Dvorana je s \u0161olskim objektom poveza\u00adna z zaprtim, pokritim hodni\u00adkom. V medprostoru med \u0161ol\u00adskim objektom in dvorano pa je odprt atrij, izkori\u0161\u010den kot botani\u010dni vrt. V dvorani so fiksne priredit\u00advene tribune s sedi\u0161\u010di za 660 gledalcev.<\/p><p><strong>SPLO<\/strong><strong>\u0160<\/strong><strong>NI PODATKI <\/strong><strong>\u2013<\/strong><strong> SKUPNO:<\/strong><\/p><table><tbody><tr><td><strong>Amfiteatralna dvorana:<\/strong><strong>\u00a0<\/strong><\/td><td>\u00a0\u00a0\u00a0 138 sede\u017eev<\/td><\/tr><tr><td><strong>\u0160<\/strong><strong>olska jedilnica:<\/strong><\/td><td>\u00a0\u00a0\u00a0 112 u\u010dencev<\/td><\/tr><tr><td><strong>\u0160<\/strong><strong>tevilo u<\/strong><strong>\u010d<\/strong><strong>encev na \u0161oli v \u0161ol. letu 2015\/2016:<\/strong><\/td><td>\u00a0\u00a0\u00a0 920<\/td><\/tr><\/tbody><\/table><div id=\"ngg-gallery-3-63\" class=\"ngg-galleryoverview\"><div class=\"slideshowlink\"><span style=\"color: #701b06;\">[nggallery id=3]<\/span><\/div><p><!-- Thumbnails --><\/p><div id=\"ngg-image-27\" class=\"ngg-gallery-thumbnail-box\">\u00a0<\/div><div id=\"ngg-image-28\" class=\"ngg-gallery-thumbnail-box\">\u00a0<\/div><div id=\"ngg-image-29\" class=\"ngg-gallery-thumbnail-box\">\u00a0<\/div><div id=\"ngg-image-30\" class=\"ngg-gallery-thumbnail-box\">\u00a0<\/div><div id=\"ngg-image-31\" class=\"ngg-gallery-thumbnail-box\">\u00a0<\/div><div id=\"ngg-image-33\" class=\"ngg-gallery-thumbnail-box\">\u00a0<\/div><div id=\"ngg-image-36\" class=\"ngg-gallery-thumbnail-box\">\u00a0<\/div><div id=\"ngg-image-40\" class=\"ngg-gallery-thumbnail-box\">\u00a0<\/div><div id=\"ngg-image-41\" class=\"ngg-gallery-thumbnail-box\">\u00a0<\/div><div id=\"ngg-image-42\" class=\"ngg-gallery-thumbnail-box\">\u00a0<\/div><div id=\"ngg-image-43\" class=\"ngg-gallery-thumbnail-box\">\u00a0<\/div><div id=\"ngg-image-45\" class=\"ngg-gallery-thumbnail-box\">\u00a0<\/div><div id=\"ngg-image-49\" class=\"ngg-gallery-thumbnail-box\"><div class=\"ngg-gallery-thumbnail\"><a class=\"shutterset_set_3\" title=\"\u0161portna dvorana\" href=\"http:\/\/oskoper.splet.arnes.si\/wp-content\/blogs.dir\/8782\/files\/os-koper\/sportna.jpg\">\u00a0<\/a><\/div><\/div><\/div>","_et_gb_content_width":"","ngg_post_thumbnail":0,"footnotes":"","_expiration-date-status":"saved","_expiration-date":0,"_expiration-date-type":"","_expiration-date-categories":[],"_expiration-date-options":[]},"class_list":["post-1358","page","type-page","status-publish","hentry"],"_links":{"self":[{"href":"https:\/\/oskoper.splet.arnes.si\/index.php?rest_route=\/wp\/v2\/pages\/1358","targetHints":{"allow":["GET"]}}],"collection":[{"href":"https:\/\/oskoper.splet.arnes.si\/index.php?rest_route=\/wp\/v2\/pages"}],"about":[{"href":"https:\/\/oskoper.splet.arnes.si\/index.php?rest_route=\/wp\/v2\/types\/page"}],"author":[{"embeddable":true,"href":"https:\/\/oskoper.splet.arnes.si\/index.php?rest_route=\/wp\/v2\/users\/9402"}],"replies":[{"embeddable":true,"href":"https:\/\/oskoper.splet.arnes.si\/index.php?rest_route=%2Fwp%2Fv2%2Fcomments&post=1358"}],"version-history":[{"count":17,"href":"https:\/\/oskoper.splet.arnes.si\/index.php?rest_route=\/wp\/v2\/pages\/1358\/revisions"}],"predecessor-version":[{"id":19297,"href":"https:\/\/oskoper.splet.arnes.si\/index.php?rest_route=\/wp\/v2\/pages\/1358\/revisions\/19297"}],"wp:attachment":[{"href":"https:\/\/oskoper.splet.arnes.si\/index.php?rest_route=%2Fwp%2Fv2%2Fmedia&parent=1358"}],"curies":[{"name":"wp","href":"https:\/\/api.w.org\/{rel}","templated":true}]}}