{"id":11711,"date":"2019-11-06T09:16:04","date_gmt":"2019-11-06T08:16:04","guid":{"rendered":"http:\/\/oskoper.splet.arnes.si\/?page_id=11711"},"modified":"2021-11-30T14:13:11","modified_gmt":"2021-11-30T13:13:11","slug":"shema-solskega-sadja-in-zelenjave-in-mleka","status":"publish","type":"page","link":"https:\/\/oskoper.splet.arnes.si\/?page_id=11711","title":{"rendered":"Shema \u0161olskega sadja in zelenjave in mleka"},"content":{"rendered":"<p>[et_pb_section fb_built=&#8221;1&#8243; fullwidth=&#8221;on&#8221; admin_label=&#8221;Section&#8221; _builder_version=&#8221;3.22&#8243; background_color=&#8221;rgba(255,255,255,0)&#8221; transparent_background=&#8221;on&#8221;][et_pb_fullwidth_menu menu_id=&#8221;63&#8243; submenu_direction=&#8221;downwards&#8221; fullwidth_menu=&#8221;off&#8221; active_link_color=&#8221;#e02b20&#8243; admin_label=&#8221;Fullwidth Menu&#8221; _builder_version=&#8221;3.0.47&#8243; menu_font=&#8221;|on|||&#8221; menu_text_color=&#8221;#31661f&#8221; background_color=&#8221;rgba(255,255,255,0)&#8221;][\/et_pb_fullwidth_menu][\/et_pb_section][et_pb_section fb_built=&#8221;1&#8243; admin_label=&#8221;section&#8221; _builder_version=&#8221;3.22&#8243;][et_pb_row admin_label=&#8221;row&#8221; _builder_version=&#8221;3.25&#8243; background_size=&#8221;initial&#8221; background_position=&#8221;top_left&#8221; background_repeat=&#8221;repeat&#8221;][et_pb_column type=&#8221;4_4&#8243; _builder_version=&#8221;3.25&#8243; custom_padding=&#8221;|||&#8221; custom_padding__hover=&#8221;|||&#8221;][et_pb_text admin_label=&#8221;Text&#8221; _builder_version=&#8221;4.7.3&#8243; background_size=&#8221;initial&#8221; background_position=&#8221;top_left&#8221; background_repeat=&#8221;repeat&#8221; hover_enabled=&#8221;0&#8243; sticky_enabled=&#8221;0&#8243;]<\/p>\n<p style=\"text-align: justify\"><a href=\"http:\/\/oskoper.splet.arnes.si\/files\/2016\/08\/RTEmagicC_shema_solskega_sadja_logo_www_jpg.jpg\"><img loading=\"lazy\" decoding=\"async\" src=\"https:\/\/oskoper.splet.arnes.si\/files\/2021\/09\/solska-shema-eu-300x199.png\" width=\"300\" height=\"199\" alt=\"\" class=\"wp-image-19571 aligncenter size-medium\" style=\"float: left\" \/><\/a><\/p>\n<p style=\"margin: 0cm;margin-bottom: .0001pt;text-align: justify;background: white;vertical-align: baseline\"><span style=\"font-size: 10.5pt;font-family: 'Arial',sans-serif;color: #353535\">Na\u0161a \u0161ola O\u0160 Koper tudi letos sodeluje v \u0161olski shemi. \u0160olska shema je ukrep skupne kmetijske politike in pomeni pomo\u010d za oskrbo s sadjem in zelenjavo ter mlekom in mle\u010dnimi izdelki v izobra\u017eevalnih ustanovah. Podlaga za njeno na\u010drtno in u\u010dinkovito izvajanje je strategija, ki je sprejeta za \u0161estletno obdobje od \u0161olskega leta 2017\/2018 do \u0161olskega leta 2022\/2023.<\/span><\/p>\n<p><strong>Cilji \u0161olske sheme so:\u00a0<\/strong>pove\u010danje u\u017eivanja zelenjave, sadja in mleka ter mle\u010dnih izdelkov pri otrocih in mladostnikih, pove\u010danje porabe lokalnega sadja in zelenjave v \u0161olah ter ozave\u0161\u010denost otrok o kmetijstvu in prehrani.<\/p>\n<p>V \u0161olski shemi se u\u010dencem\u00a0<strong>od 1. do 9. razreda v osnovni \u0161oli brezpla\u010dno razdeljuje<\/strong>\u00a0dodaten obrok sadja in zelenjave oziroma mleka in mle\u010dnih izdelkov ter se jih skozi razli\u010dne dejavnosti spremljevalnih izobra\u017eevalnih ukrepov povezuje s kmetijstvom, izobra\u017euje o zdravih prehranskih navadah, lokalnih prehranskih verigah, ekolo\u0161kemu kmetovanju, trajnostni pridelavi in prepre\u010devanju zavr\u017ekov hrane. Izbor upravi\u010denih kmetijskih proizvodov in \u017eivil v \u0161olski shemi je razdeljen na \u2018\u0161olsko sadje in zelenjavo\u2019 ter \u2018\u0161olsko mleko\u2019, na ta na\u010din je razdeljeno tudi financiranje. Ve\u010dinski dele\u017e financiranja se zagotovi iz prora\u010duna Evropske unije, preostali dele\u017e pa iz prora\u010duna Republike Slovenije.<\/p>\n<p style=\"margin: 0cm;margin-bottom: .0001pt;text-align: justify;background: white;vertical-align: baseline\"><span style=\"font-size: 10.5pt;font-family: 'Arial',sans-serif;color: #353535\">\u0160ola mora v ve\u010dini razdeljevati sve\u017ee sadje in zelenjavo ter manj predelano in v ve\u010dini mleko ter manj mle\u010dne izdelke. V strategiji je poudarjeno, da morajo biti mle\u010dni izdelki brez dodatkov (sladkor in sladila, arome, sadje, ore\u0161ki, kakav, \u010dokolada). Cilj EU \u0161olske sheme je namre\u010d tudi zmanj\u0161anje debelosti in prekomerne te\u017ee pri otrocih in mladostnikih, ki lahko vplivata na pojav sladkorne bolezni tipa II \u017ee v mladosti.<\/span><\/p>\n<p>Z izvajanjem \u0161olske sheme pri\u010dnemo na na\u0161i \u0161oli v mesecu septembru. Razdeljevanje\u00a0<strong>sadja in<\/strong>\u00a0<strong>zelenjave\u00a0<\/strong>poteka izmeni\u010dno\u00a0z <strong>razdeljevanjem mleka in mle\u010dnih izdelkov<\/strong>\u00a01-krat tedensko. Izvajanje je ozna\u010deno tudi na jedilniku (\u0160S). V \u010dasu izvajanja \u0161olske sheme je v avli \u0161ole izobe\u0161en plakat \u00bb\u0160olska shema\u00ab Evropske unije, kot to predpisuje Uredba.<\/p>\n<p>\u0160olska shema vklju\u010duje tudi spremljanje in vrednotenje u\u010dinkov sheme ter obve\u0161\u010danje javnosti. \u0160ola je ob za\u010detku in koncu \u0161olskega leta dol\u017ena narediti posnetek stanja o u\u017eivanju sadja in zelenjave ter mleka in mle\u010dnih izdelkov med u\u010denci. U\u010denci bodo v ta namen izpolnili spletni vpra\u0161alnik.<\/p>\n<p>&nbsp;<\/p>\n<p>Metka Benedik<\/p>\n<p>[\/et_pb_text][\/et_pb_column][\/et_pb_row][\/et_pb_section]<\/p>\n<h3>Related Images:<\/h3>","protected":false},"excerpt":{"rendered":"<p>Na\u0161a \u0161ola O\u0160 Koper tudi letos sodeluje v \u0161olski shemi. \u0160olska shema je ukrep skupne kmetijske politike in pomeni pomo\u010d za oskrbo s sadjem in zelenjavo ter mlekom in mle\u010dnimi izdelki v izobra\u017eevalnih ustanovah. Podlaga za njeno na\u010drtno in u\u010dinkovito izvajanje je strategija, ki je sprejeta za \u0161estletno obdobje od \u0161olskega leta 2017\/2018 do \u0161olskega [&hellip;]<\/p>\n","protected":false},"author":9402,"featured_media":0,"parent":1502,"menu_order":0,"comment_status":"closed","ping_status":"closed","template":"","meta":{"_et_pb_use_builder":"on","_et_pb_old_content":"<p><a href=\"http:\/\/oskoper.splet.arnes.si\/files\/2016\/08\/RTEmagicC_shema_solskega_sadja_logo_www_jpg.jpg\"><img class=\"alignleft size-full wp-image-5837\" src=\"http:\/\/oskoper.splet.arnes.si\/files\/2016\/08\/RTEmagicC_shema_solskega_sadja_logo_www_jpg.jpg\" alt=\"\" width=\"250\" height=\"149\" \/><\/a>Na\u0161a \u0161ola O\u0160 Koper tudi letos sodeluje v \u0161olski shemi. \u0160olska shema je ukrep skupne kmetijske politike in pomeni pomo\u010d za oskrbo s sadjem in zelenjavo ter mlekom in mle\u010dnimi izdelki v izobra\u017eevalnih ustanovah. Podlaga za njeno na\u010drtno in u\u010dinkovito izvajanje je strategija, ki je sprejeta za \u0161estletno obdobje od \u0161olskega leta 2017\/2018 do \u0161olskega leta 2022\/2023.<\/p><p><strong>Cilji \u0161olske sheme so: <\/strong>pove\u010danje u\u017eivanja zelenjave, sadja in mleka ter mle\u010dnih izdelkov pri otrocih in mladostnikih, pove\u010danje porabe lokalnega sadja in zelenjave v \u0161olah ter ozave\u0161\u010denost otrok o kmetijstvu in prehrani.<\/p><p>V \u0161olski shemi se u\u010dencem <strong>od 1. do 9. razreda v osnovni \u0161oli brezpla\u010dno razdeljuje<\/strong> dodaten obrok sadja in zelenjave oziroma mleka in mle\u010dnih izdelkov ter se jih skozi razli\u010dne dejavnosti spremljevalnih izobra\u017eevalnih ukrepov povezuje s kmetijstvom, izobra\u017euje o zdravih prehranskih navadah, lokalnih prehranskih verigah, ekolo\u0161kemu kmetovanju, trajnostni pridelavi in prepre\u010devanju zavr\u017ekov hrane. Izbor upravi\u010denih kmetijskih proizvodov in \u017eivil v \u0161olski shemi je razdeljen na '\u0161olsko sadje in zelenjavo' ter '\u0161olsko mleko', na ta na\u010din je razdeljeno tudi financiranje. Ve\u010dinski dele\u017e financiranja se zagotovi iz prora\u010duna Evropske unije, preostali dele\u017e pa iz prora\u010duna Republike Slovenije.<\/p><p>\u0160ola mora v ve\u010dini razdeljevati sve\u017ee sadje in zelenjavo ter manj predelano in v ve\u010dini mleko ter manj mle\u010dne izdelke. V strategiji je poudarjeno, da morajo biti mle\u010dni izdelki brez dodatkov (sladkor in sladila, arome, sadje, ore\u0161ki, kakav, \u010dokolada). Cilj EU \u0161olske sheme je namre\u010d tudi zmanj\u0161anje debelosti in prekomerne te\u017ee pri otrocih in mladostnikih, ki lahko vplivata na pojav sladkorne bolezni tipa II \u017ee v mladosti.<\/p><p>Z izvajanjem \u0161olske sheme smo na na\u0161i \u0161oli pri\u010deli \u017ee v mesecu oktobru. Razdeljevanje <strong>sadja in<\/strong> <strong>zelenjave <\/strong>poteka 1-krat tedensko ob \u010detrtkih. <strong>Razdeljevanje mleka in mle\u010dnih izdelkov<\/strong> pa<\/p><p>1-krat na 14 dni ob torkih. Izvajanje je ozna\u010deno tudi na jedilniku (\u0160SZ in \u0160M). V \u010dasu izvajanja \u0161olske sheme je v avli \u0161ole izobe\u0161en plakat \u00bb\u0160olska shema\u00ab Evropske unije kot to predpisuje Uredba.<\/p><p>\u0160olska shema vklju\u010duje tudi spremljanje in vrednotenje u\u010dinkov sheme ter obve\u0161\u010danje javnosti. \u0160ola je ob za\u010detku in koncu \u0161olskega leta dol\u017ena narediti posnetek stanja o u\u017eivanju sadja in zelenjave ter mleka in mle\u010dnih izdelkov med u\u010denci. U\u010denci bodo v ta namen izpolnili spletni vpra\u0161alnik za u\u010dence na za\u010detku in na koncu \u0161olskega leta.<\/p><p>\u00a0<\/p><p>Ur\u0161ka Fila\u010d<\/p>","_et_gb_content_width":"","ngg_post_thumbnail":0,"footnotes":"","_expiration-date-status":"saved","_expiration-date":0,"_expiration-date-type":"","_expiration-date-categories":[],"_expiration-date-options":[]},"class_list":["post-11711","page","type-page","status-publish","hentry"],"_links":{"self":[{"href":"https:\/\/oskoper.splet.arnes.si\/index.php?rest_route=\/wp\/v2\/pages\/11711","targetHints":{"allow":["GET"]}}],"collection":[{"href":"https:\/\/oskoper.splet.arnes.si\/index.php?rest_route=\/wp\/v2\/pages"}],"about":[{"href":"https:\/\/oskoper.splet.arnes.si\/index.php?rest_route=\/wp\/v2\/types\/page"}],"author":[{"embeddable":true,"href":"https:\/\/oskoper.splet.arnes.si\/index.php?rest_route=\/wp\/v2\/users\/9402"}],"replies":[{"embeddable":true,"href":"https:\/\/oskoper.splet.arnes.si\/index.php?rest_route=%2Fwp%2Fv2%2Fcomments&post=11711"}],"version-history":[{"count":11,"href":"https:\/\/oskoper.splet.arnes.si\/index.php?rest_route=\/wp\/v2\/pages\/11711\/revisions"}],"predecessor-version":[{"id":20558,"href":"https:\/\/oskoper.splet.arnes.si\/index.php?rest_route=\/wp\/v2\/pages\/11711\/revisions\/20558"}],"up":[{"embeddable":true,"href":"https:\/\/oskoper.splet.arnes.si\/index.php?rest_route=\/wp\/v2\/pages\/1502"}],"wp:attachment":[{"href":"https:\/\/oskoper.splet.arnes.si\/index.php?rest_route=%2Fwp%2Fv2%2Fmedia&parent=11711"}],"curies":[{"name":"wp","href":"https:\/\/api.w.org\/{rel}","templated":true}]}}